{"id":3462,"date":"2023-01-06T13:19:01","date_gmt":"2023-01-06T17:19:01","guid":{"rendered":"https:\/\/gmsenbunitedway.ca\/?post_type=tribe_events&#038;p=3462"},"modified":"2023-01-10T09:41:10","modified_gmt":"2023-01-10T13:41:10","slug":"3462","status":"publish","type":"tribe_events","link":"https:\/\/gmsenbunitedway.ca\/fr\/event\/3462\/","title":{"rendered":"Premi\u00e8re \u00e9dition de \u00ab\u00a0Gravir l\u2019escalier pour Centraide\u00a0\u00bb"},"content":{"rendered":"<p><a href=\"https:\/\/gmsenbunitedway.ca\/event\/3462\/uw-stairclimb-save-the-date-french\/\" rel=\"attachment wp-att-3467\"><img loading=\"lazy\" decoding=\"async\" class=\"wp-image-3467 aligncenter\" src=\"http:\/\/gmsenbunitedway.ca\/wp-content\/uploads\/2023\/01\/UW-Stairclimb-save-the-date-French.png\" alt=\"\" width=\"348\" height=\"348\" srcset=\"https:\/\/gmsenbunitedway.ca\/wp-content\/uploads\/2023\/01\/UW-Stairclimb-save-the-date-French.png 1080w, https:\/\/gmsenbunitedway.ca\/wp-content\/uploads\/2023\/01\/UW-Stairclimb-save-the-date-French-150x150.png 150w, https:\/\/gmsenbunitedway.ca\/wp-content\/uploads\/2023\/01\/UW-Stairclimb-save-the-date-French-768x768.png 768w\" sizes=\"auto, (max-width: 348px) 100vw, 348px\" \/><\/a><\/p>\n<p style=\"text-align: center;\"><strong>D\u00e9fi : Gravir l\u2019escalier pour Centraide<\/strong><\/p>\n<p style=\"text-align: center;\">Quand&nbsp;: 28&nbsp;janvier 2023<\/p>\n<p style=\"text-align: center;\">O\u00f9&nbsp;: Place de l\u2019Assomption<\/p>\n<p style=\"text-align: center;\">Heure&nbsp;: 9&nbsp;h-2&nbsp;h 00\/Inscription commence \u00e0 9&nbsp;h \u2014 l\u2019\u00e9v\u00e9nement commence \u00e0 10&nbsp;h<\/p>\n<p style=\"text-align: center;\">16&nbsp;ans et plus seulement<\/p>\n<p style=\"text-align: center;\">Il y aura 2&nbsp;options d\u2019escalade&nbsp;:<\/p>\n<table class=\" aligncenter\" width=\"623\">\n<tbody>\n<tr>\n<td colspan=\"2\" width=\"623\"><strong>Comp\u00e9titif-21 \u00e9tages<\/strong><\/td>\n<\/tr>\n<tr>\n<td width=\"302\"><strong>Course individuelle <\/strong><\/td>\n<td width=\"321\"><strong>Relais d\u2019\u00e9quipe<\/strong><\/td>\n<\/tr>\n<tr>\n<td width=\"302\">L\u2019heure de d\u00e9part sera attribu\u00e9e&nbsp;&nbsp;&nbsp;&nbsp;&nbsp;&nbsp;<\/td>\n<td width=\"321\">L\u2019heure de d\u00e9part sera attribu\u00e9e<\/td>\n<\/tr>\n<tr>\n<td width=\"302\">2 personnes en m\u00eame temps dans les escaliers<\/td>\n<td width=\"321\">Chaque \u00e9quipe aura un membre de l\u2019\u00e9quipe \u00e0 chaque 4e&nbsp;\u00e9tage (l\u2019ascenseur am\u00e8nera chaque membre autre que la personne qui commence le relais \u00e0 l\u2019\u00e9tage qui lui a \u00e9t\u00e9 attribu\u00e9).<\/td>\n<\/tr>\n<tr>\n<td width=\"302\">Les grimpeurs devront rester \u00e0 l\u2019int\u00e9rieur afin de permettre aux autres de passer.<\/td>\n<td width=\"321\">Les grimpeurs devront rester \u00e0 l\u2019int\u00e9rieur afin de permettre aux autres de passer.<\/td>\n<\/tr>\n<tr>\n<td width=\"302\">Prix pour le meilleur temps individuel<\/td>\n<td width=\"321\">2 personnes \u00e0 la fois dans l\u2019escalier<\/td>\n<\/tr>\n<tr>\n<td width=\"302\">Prix pour le plus d\u2019argent amass\u00e9<\/td>\n<td width=\"321\">\u00c9quipes de 5<\/td>\n<\/tr>\n<tr>\n<td width=\"302\">&nbsp;<\/td>\n<td width=\"321\">Prix pour le meilleur temps individuel<\/td>\n<\/tr>\n<tr>\n<td width=\"302\">&nbsp;<\/td>\n<td width=\"321\">Prix pour le plus d\u2019argent amass\u00e9<\/td>\n<\/tr>\n<\/tbody>\n<\/table>\n<p style=\"text-align: center;\">&nbsp;<\/p>\n<table class=\" aligncenter\" style=\"height: 449px;\" width=\"624\">\n<tbody>\n<tr>\n<td colspan=\"2\" width=\"623\"><strong>Non comp\u00e9titif \u2014 19&nbsp;\u00e9tages<\/strong><\/td>\n<\/tr>\n<tr>\n<td width=\"302\"><strong>Course individuelle <\/strong><\/td>\n<td width=\"321\"><strong>Relais d\u2019\u00e9quipe<\/strong><\/td>\n<\/tr>\n<tr>\n<td width=\"302\">Marche seulement<\/td>\n<td width=\"321\">Marche seulement<\/td>\n<\/tr>\n<tr>\n<td width=\"302\">L\u2019heure de d\u00e9part sera assign\u00e9e&nbsp;&nbsp;&nbsp;&nbsp;&nbsp;&nbsp;&nbsp;<\/td>\n<td width=\"321\">L\u2019heure de d\u00e9part sera assign\u00e9e&nbsp;&nbsp;&nbsp;&nbsp;&nbsp;&nbsp;&nbsp;<\/td>\n<\/tr>\n<tr>\n<td width=\"302\">Les grimpeurs devront rester \u00e0 l\u2019int\u00e9rieur afin de permettre aux autres de passer.<\/td>\n<td width=\"321\">Les grimpeurs sont demand\u00e9s de rester \u00e0 l\u2019int\u00e9rieur pour permettre aux autres de passer.<\/td>\n<\/tr>\n<tr>\n<td width=\"302\">2 personnes en m\u00eame temps dans les escaliers<\/td>\n<td width=\"321\">Chaque \u00e9quipe aura un membre de l\u2019\u00e9quipe \u00e0 chaque 4e&nbsp;\u00e9tage (l\u2019ascenseur am\u00e8nera chaque membre autre que la personne qui commence le relais \u00e0 l\u2019\u00e9tage qui lui a \u00e9t\u00e9 attribu\u00e9).<\/td>\n<\/tr>\n<tr>\n<td width=\"302\">Prix pour le meilleur temps individuel<\/td>\n<td width=\"321\">\u00c9quipes de 5<\/td>\n<\/tr>\n<tr>\n<td width=\"302\">Prix pour le plus d\u2019argent amass\u00e9<\/td>\n<td width=\"321\">2 personnes \u00e0 la fois dans l\u2019escalier<\/td>\n<\/tr>\n<tr>\n<td width=\"302\">&nbsp;<\/td>\n<td width=\"321\">Prix pour le meilleur temps individuel<\/td>\n<\/tr>\n<tr>\n<td width=\"302\">&nbsp;<\/td>\n<td width=\"321\">Prix pour le plus d\u2019argent amass\u00e9<\/td>\n<\/tr>\n<\/tbody>\n<\/table>\n<p style=\"text-align: center;\">&nbsp;<\/p>\n<p>&nbsp;<\/p>\n<p>Veuillez contacter Melissa \u00e0 <a href=\"mailto:events@moncton.unitedway.ca\">events@moncton.unitedway.ca<\/a> pour vous inscrire.<\/p>\n<p>&nbsp;<\/p>\n<p>Formulaires de dons:&nbsp;<\/p>\n<p><a href=\"http:\/\/gmsenbunitedway.ca\/wp-content\/uploads\/2023\/01\/Strairclimb-Pledge-Form-Teams-French-1.docx\">\u00c9quipe<\/a><\/p>\n<p><a href=\"http:\/\/gmsenbunitedway.ca\/wp-content\/uploads\/2023\/01\/Stairclimb-Pledge-Form-Indivdual-French-1.docx\">Individuel<\/a><\/p>\n<p>&nbsp;<\/p>\n<p style=\"text-align: left;\">FAQ g\u00e9n\u00e9rale&nbsp;:<\/p>\n<ol style=\"text-align: left;\">\n<li>\u00c0 votre arriv\u00e9e, veuillez vous rendre dans la zone d\u2019inscription pour obtenir les num\u00e9ros attribu\u00e9s et les heures de d\u00e9part. Veuillez apporter votre formulaire d\u2019inscription et les fonds collect\u00e9s \u00e0 la table d\u2019inscription.<\/li>\n<li>Veuillez vous habiller pour une escalade en int\u00e9rieur. Nous fournirons de l\u2019eau et des collations.<\/li>\n<li>N\u2019apportez que ce dont vous avez besoin pour l\u2019escalade \u2014 laissez vos objets personnels \u00e0 la maison, car nous n\u2019aurons pas d\u2019espace de rangement.<\/li>\n<li>Nous vous recommandons d\u2019arriver au moins 20&nbsp;minutes avant votre heure de d\u00e9part afin de vous assurer que vous pouvez passer l\u2019inscription et \u00eatre pr\u00eat \u00e0 commencer \u00e0 l\u2019heure.<\/li>\n<li>Nous encourageons les participants \u00e0 passer au moins deux minutes \u00e0 se r\u00e9chauffer avant de courir ou de marcher dans les escaliers.<\/li>\n<li>Vous pouvez porter des appareils de musique personnels, \u00e0 condition que le volume vous permette d\u2019entendre les instructions du personnel du b\u00e2timent ou des services d\u2019urgence et des autres grimpeurs.<\/li>\n<li>Des sorties seront disponibles si vous d\u00e9cidez d\u2019arr\u00eater l\u2019ascension.<\/li>\n<li>Pas de date limite pour la collecte de fonds \u2014 vous pouvez collecter des fonds jusqu\u2019\u00e0 votre arriv\u00e9e \u00e0 l\u2019inscription.<\/li>\n<li>Il y a de nombreux stationnements et garages, ainsi que dans la rue, autour du b\u00e2timent de l\u2019Assomption. Veuillez noter que le stationnement est g\u00e9n\u00e9ralement gratuit le week-end.<\/li>\n<li>Les inscriptions fermeront deux jours avant l\u2019\u00e9v\u00e9nement, soit le 26&nbsp;janvier.<\/li>\n<li>Les dons peuvent \u00eatre faits le jour m\u00eame en argent comptant, ch\u00e8ques, d\u00e9bits ou cr\u00e9dit.<\/li>\n<\/ol>\n<p style=\"text-align: left;\">La cr\u00e9ation d\u2019une \u00e9quipe est une fa\u00e7on amusante et facile d\u2019ajouter \u00e0 votre objectif global de collecte de fonds\u2009!<\/p>\n","protected":false},"excerpt":{"rendered":"D\u00e9fi : Gravir l\u2019escalier pour Centraide Quand&nbsp;: 28&nbsp;janvier 2023 O\u00f9&nbsp;: Place de l\u2019Assomption Heure&nbsp;: 9&nbsp;h-2&nbsp;h 00\/Inscription commence \u00e0 9&nbsp;h \u2014 l\u2019\u00e9v\u00e9nement commence \u00e0 10&nbsp;h 16&nbsp;ans et plus seulement Il y&#8230; <\/p><a class=\"btn btn-brdr-red view-article\" href=\"https:\/\/gmsenbunitedway.ca\/fr\/event\/3462\/\">Read More<\/a>","protected":false},"author":2,"featured_media":0,"comment_status":"closed","ping_status":"closed","template":"","meta":{"_acf_changed":false,"om_disable_all_campaigns":false,"_monsterinsights_skip_tracking":false,"_monsterinsights_sitenote_active":false,"_monsterinsights_sitenote_note":"","_monsterinsights_sitenote_category":0,"_uf_show_specific_survey":0,"_uf_disable_surveys":false,"ngg_post_thumbnail":0,"_tribe_events_status":"","_tribe_events_status_reason":"","footnotes":""},"tags":[],"tribe_events_cat":[],"class_list":["post-3462","tribe_events","type-tribe_events","status-publish","hentry"],"acf":[],"aioseo_notices":[],"_links":{"self":[{"href":"https:\/\/gmsenbunitedway.ca\/fr\/wp-json\/wp\/v2\/tribe_events\/3462","targetHints":{"allow":["GET"]}}],"collection":[{"href":"https:\/\/gmsenbunitedway.ca\/fr\/wp-json\/wp\/v2\/tribe_events"}],"about":[{"href":"https:\/\/gmsenbunitedway.ca\/fr\/wp-json\/wp\/v2\/types\/tribe_events"}],"author":[{"embeddable":true,"href":"https:\/\/gmsenbunitedway.ca\/fr\/wp-json\/wp\/v2\/users\/2"}],"replies":[{"embeddable":true,"href":"https:\/\/gmsenbunitedway.ca\/fr\/wp-json\/wp\/v2\/comments?post=3462"}],"version-history":[{"count":0,"href":"https:\/\/gmsenbunitedway.ca\/fr\/wp-json\/wp\/v2\/tribe_events\/3462\/revisions"}],"wp:attachment":[{"href":"https:\/\/gmsenbunitedway.ca\/fr\/wp-json\/wp\/v2\/media?parent=3462"}],"wp:term":[{"taxonomy":"post_tag","embeddable":true,"href":"https:\/\/gmsenbunitedway.ca\/fr\/wp-json\/wp\/v2\/tags?post=3462"},{"taxonomy":"tribe_events_cat","embeddable":true,"href":"https:\/\/gmsenbunitedway.ca\/fr\/wp-json\/wp\/v2\/tribe_events_cat?post=3462"}],"curies":[{"name":"wp","href":"https:\/\/api.w.org\/{rel}","templated":true}]}}